{"id":3201,"date":"2020-09-22T20:45:55","date_gmt":"2020-09-22T18:45:55","guid":{"rendered":"http:\/\/sp91krakow.pl\/sp91\/?page_id=3201"},"modified":"2026-03-25T08:02:15","modified_gmt":"2026-03-25T07:02:15","slug":"deklaracja-dostepnosci","status":"publish","type":"page","link":"http:\/\/sp91krakow.pl\/sp91\/deklaracja-dostepnosci\/","title":{"rendered":"Deklaracja dost\u0119pno\u015bci"},"content":{"rendered":"\t\t<div data-elementor-type=\"wp-page\" data-elementor-id=\"3201\" class=\"elementor elementor-3201\">\n\t\t\t\t<div class=\"elementor-element elementor-element-6caec34 e-flex e-con-boxed e-con e-parent\" data-id=\"6caec34\" data-element_type=\"container\" data-e-type=\"container\">\n\t\t\t\t\t<div class=\"e-con-inner\">\n\t\t\t\t<div class=\"elementor-element elementor-element-2372792 elementor-widget elementor-widget-html\" data-id=\"2372792\" data-element_type=\"widget\" data-e-type=\"widget\" data-widget_type=\"html.default\">\n\t\t\t\t<div class=\"elementor-widget-container\">\n\t\t\t\t\t<style>\n  body {\n    color: black;\n  }\n  h1 {\n    text-align: center;\n  }\n   h2 {\n    position: relative;\n    padding-left: 15px;\n  }\n  h2::before  {\n    content: \"\";\n    position: absolute;\n    left: 0;\n    top: 50%;\n    transform: translateY(-50%);\n    width: 5px;\n    height: 80%;\n    background-color: navy;\n  }\n  <\/style>\n<\/style>\n<h1>Deklaracja dost\u0119pno\u015bci<\/h1><section id=\"a11y-wstep\">\n<p><span id=\"a11y-podmiot\">Szko\u0142a Podstawowa nr 91 im. Janusza Kusoci\u0144skiego w Krakowie<\/span>  zobowi\u0105zuje si\u0119 zapewni\u0107 dost\u0119pno\u015b\u0107 swojej <span id=\"a11y-zakres\">strony internetowej<\/span> zgodnie z ustaw\u0105 z dnia 4 kwietnia 2019 r. o dost\u0119pno\u015bci cyfrowej stron internetowych i aplikacji mobilnych podmiot\u00f3w publicznych.<\/p>\n<p>Deklaracja dost\u0119pno\u015bci dotyczy strony  <a href=\"http:\/\/www.sp91krakow.pl\" id=\"a11y-url\" target=\"_blank\">http:\/\/www.sp91krakow.pl<\/a>.<\/p>\n<\/section><section>\n<ul>\n<li>Data publikacji strony internetowej:<time id=\"a11y-data-publikacja\" datetime=\"2017-09-08\"> 8 wrze\u015bnia 2017 r.<\/time><\/li>\n<li>Data ostatniej istotnej aktualizacji:<time id=\"a11y-data-aktualizacja\" datetime=\"2020-06-23\"> 29 marca 2021 r.<\/time><\/li>\n<\/ul>\n<\/section><section>\n<h2>Stan dost\u0119pno\u015bci cyfrowej<\/h2>\n<p id=\"a11y-status\">Ta strona internetowa jest cz\u0119\u015bciowo zgodna z za\u0142\u0105cznikiem do ustawy o dost\u0119pno\u015bci cyfrowej z dnia 4 kwietnia 2019 r. o dost\u0119pno\u015bci cyfrowej stron internetowych i aplikacji mobilnych podmiot\u00f3w publicznych z powodu [niezgodno\u015bci i wy\u0142\u0105cze\u0144] wymienionych poni\u017cej.<\/p>\n<\/section><section>\n<h2>Niedost\u0119pne tre\u015bci<\/h2>\n<section>\n<h3>Niezgodno\u015b\u0107 z za\u0142\u0105cznikiem<\/h3>\n<ul>\n<li>Filmy nie posiadaj\u0105 napis\u00f3w dla os\u00f3b g\u0142uchych.<\/li>\n<li>Formularz kontaktowy nie posiada dowi\u0105zanych etykiet tekstowych.<\/li>\n<\/ul>\n<\/section>\n<\/section><section>\n<h2>Przygotowanie deklaracji dost\u0119pno\u015bci<\/h2>\n<ul>\n<li>Data sporz\u0105dzenia deklaracji: <time id=\"a11y-data-sporzadzenie\" datetime=\"2025-03-10\">10 marca 2025 r.<\/time><\/li>\n<li>Data ostatniego przegl\u0105du deklaracji: <time id=\"a11y-data-przeglad\" datetime=\"2025-03-17\">25 marca 2026 r.<\/time><\/li>\n<\/ul>\n<p>Deklaracj\u0119 sporz\u0105dzono na podstawie samooceny przeprowadzonej przez pracownika Szko\u0142 Podstawowej nr 91.<\/p>\n<\/section><section>\n<h2>Udogodnienia, ograniczenia i inne informacje<\/h2>\n<ul>\n<li>Narz\u0119dzia u\u0142atwie\u0144 dost\u0119pu (widoczne obrazki po prawej stronie przy poruszaniu si\u0119 po witrynie) a w nim: podwy\u017cszony kontrast, skala szaro\u015bci, powi\u0119kszenie liter.<\/li>\n<li>Na stronie wszystkie linki s\u0105 pod\u015bwietlone.<\/li>\n<\/ul>\n<\/section><section>\n<h2>Skr\u00f3ty klawiaturowe<\/h2>\n<ul>\n<li>Na stronie internetowej mo\u017cna u\u017cywa\u0107 standardowych skr\u00f3t\u00f3w klawiszowych przegl\u0105darki.<\/li>\n<\/ul>\n<\/section><section>\n<h2>Informacje zwrotne i dane kontaktowe<\/h2>\n<p>Wszystkie problemy z dost\u0119pno\u015bci\u0105 cyfrow\u0105 tej strony internetowej mo\u017cesz zg\u0142osi\u0107 do <span id=\"a11y-kontakt\">Katarzyna Suchecka<\/span> - mejlowo <a id=\"a11y-email\" href=\"mailto:katarzyna.suchecka@zsos1.pl\">katarzyna.suchecka@zsos1.pl<\/a> lub telefonicznie <a id=\"a11y-telefon\" href=\"tel:126442475\">12 644 24 75<\/a>.<\/p>\n<p>Ka\u017cdy ma prawo wyst\u0105pi\u0107 z \u017c\u0105daniem zapewnienia dost\u0119pno\u015bci cyfrowej tej strony internetowej lub jej element\u00f3w.<\/p>\n<p>Zg\u0142aszaj\u0105c takie \u017c\u0105danie podaj:<\/p>\n<ul>\n<li>swoje imi\u0119 i nazwisko,<\/li>\n<li>swoje dane kontaktowe (np. numer telefonu, e-mail),<\/li>\n<li>dok\u0142adny adres strony internetowej, na kt\u00f3rej jest niedost\u0119pny cyfrowo element lub tre\u015b\u0107,<\/li>\n<li>opis na czym polega problem i jaki spos\u00f3b jego rozwi\u0105zania by\u0142by dla Ciebie najwygodniejszy.<\/li>\n<\/ul>\n<p>Na Twoje zg\u0142oszenie odpowiemy najszybciej jak to mo\u017cliwe, nie p\u00f3\u017aniej ni\u017c w ci\u0105gu 14 dni od jego otrzymania.<\/p>\n<p>Je\u017celi ten termin b\u0119dzie dla nas zbyt kr\u00f3tki poinformujemy Ci\u0119 o tym. W tej informacji podamy nowy termin, do kt\u00f3rego poprawimy zg\u0142oszone przez Ciebie b\u0142\u0119dy lub przygotujemy informacje w alternatywny spos\u00f3b. Ten nowy termin nie b\u0119dzie d\u0142u\u017cszy ni\u017c 2 miesi\u0105ce.<\/p>\n<p>Je\u017celi nie b\u0119dziemy w stanie zapewni\u0107 dost\u0119pno\u015bci cyfrowej strony internetowej lub tre\u015bci, wskazanej w Twoim \u017c\u0105daniu, zaproponujemy Ci dost\u0119p do nich w alternatywny spos\u00f3b.<\/p>\n<\/section><section id=\"a11y-procedura\">\n<h2>Obs\u0142uga wniosk\u00f3w i skarg zwi\u0105zanych z dost\u0119pno\u015bci\u0105<\/h2>\n<p>Je\u017celi w odpowiedzi na Tw\u00f3j wniosek o zapewnienie dost\u0119pno\u015bci cyfrowej, odm\u00f3wimy zapewnienia \u017c\u0105danej przez Ciebie dost\u0119pno\u015bci cyfrowej, a Ty nie zgadzasz si\u0119 z t\u0105 odmow\u0105, masz prawo z\u0142o\u017cy\u0107 skarg\u0119.<\/p>\n<p>Skarg\u0119 masz prawo z\u0142o\u017cy\u0107 tak\u017ce, je\u015bli nie zgadzasz si\u0119 na skorzystanie z alternatywnego sposobu dost\u0119pu, kt\u00f3ry zaproponowali\u015bmy Ci w odpowiedzi na Tw\u00f3j wniosek o zapewnienie dost\u0119pno\u015bci cyfrowej.<\/p>\n<p>Ewentualn\u0105 skarg\u0119 z\u0142\u00f3\u017c listownie lub mailem do kierownictwa naszego urz\u0119du:<\/p>\n<ul>\n<li><span id=\"a11y-procedura-kierownik\">Dorota Sowa-Ko\u0142odziej - Dyrektor Szko\u0142y Podstawowej nr 91<\/span>,<\/li>\n<li>Adres: <span id=\"a11y-procedura-adres\">os. Handlowe 4, 31-935 Krak\u00f3w<\/span>,<\/li>\n<li>e-mail: <a id=\"a11y-procedura-email\" href=\"mailto:sekretariat@zsos1.pl\">sekretariat@zsos1.pl<\/a>.<\/li>\n<\/ul>\n<p><a href=\"https:\/\/www.gov.pl\/web\/gov\/zloz-wniosek-o-zapewnienie-dostepnosci-cyfrowej-strony-internetowej-lub-aplikacji-mobilnej\">Pomocne mog\u0105 by\u0107 informacje, kt\u00f3re mo\u017cna znale\u017a\u0107 na rz\u0105dowym portalu gov.pl<\/a>.<\/p>\n<p>Mo\u017cesz tak\u017ce poinformowa\u0107 o tej sytuacji <a href=\"https:\/\/bip.brpo.gov.pl\/\">Rzecznika Praw Obywatelskich<\/a> i poprosi\u0107 o interwencj\u0119 w Twojej sprawie.<\/p>\n<\/section><section>\n<h2>Pozosta\u0142e informacje<\/h2>\n<section id=\"a11y-architektura\">\n<h3>Dost\u0119pno\u015b\u0107 architektoniczna<\/h3>\n<section>\n<h4>Szko\u0142a Podstawowa nr 91<\/h4>\n<address>\n<div>os. Handlowe 4<\/div>\n<div>31-935 Krak\u00f3w<\/div>\n<\/address>\n<section>\n<h5>Parking<\/h5>\n<ul>\n<li>Mo\u017cesz skorzysta\u0107 z miejsca parkingowego. Na parkingu wyznaczyli\u015bmy 1 miejsc przeznaczonych dla os\u00f3b niepe\u0142nosprawnych. Pami\u0119taj o zabraniu karty parkingowej i umieszczeniu jej za szyb\u0105.<\/li>\n<li>Miejsca parkingowe s\u0105 pomalowane na niebiesko i prawid\u0142owo oznakowane.<\/li>\n<li>Parking jest bezp\u0142atny.<\/li>\n<li>\n<div>Parking znajduje si\u0119 przy basenie szkolnym, od strony budynku os. Handlowe 5.<\/div>\n<\/li>\n<\/ul>\n<\/section>\n<section>\n<h5>Pies asystuj\u0105cy<\/h5>\n<ul>\n<li>Mo\u017cesz przyj\u015b\u0107 z psem asystuj\u0105cym lub psem przewodnikiem. Pami\u0119taj o certyfikacie psa asystuj\u0105cego i za\u015bwiadczeniu o szczepieniu.<\/li>\n<li>Zapewniamy wod\u0119 dla zwierzaka.<\/li>\n<\/ul>\n<\/section>\n<section>\n<h5>Wej\u015bcie do budynku<\/h5>\n<ul>\n<li>\n<div>Wej\u015bcie g\u0142\u00f3wne do szko\u0142y znajduje si\u0119 od strony ulicy genera\u0142a Mieczys\u0142awa Boruty - Spiechowicza.<\/div>\n<\/li>\n<li>Do wej\u015bcia prowadz\u0105 schody.<\/li>\n<li>Stopnie s\u0105 oznaczone kontrastowo.<\/li>\n<li>Do wej\u015bcia doprowadzona jest sta\u0142a pochylnia o nachyleniu 3%.<\/li>\n<li>Drzwi musisz otworzy\u0107 r\u0119cznie.<\/li>\n<li>Otwieraj\u0105 si\u0119 na zewn\u0105trz.<\/li>\n<li>Otworzenie drzwi nie wymaga du\u017cej si\u0142y.<\/li>\n<li>Drzwi maj\u0105 wygodn\u0105 i ergonomiczn\u0105 klamk\u0119.<\/li>\n<li>Mo\u017cna je \u0142atwo utrzyma\u0107 w pozycji otwartej.<\/li>\n<li>Drzwi s\u0105 prze\u017aroczyste i nie s\u0105 kontrastowo oznaczone.<\/li>\n<\/ul>\n<\/section>\n<section>\n<h5>Przestrze\u0144 za wej\u015bciem<\/h5>\n<ul>\n<li>Pomieszczenie jest dobrze o\u015bwietlone.<\/li>\n<li>Punkt obs\u0142ugi znajduje si\u0119 przy drzwiach wej\u015bciowych do budynku.<\/li>\n<\/ul>\n<\/section>\n<section>\n<h5>Ci\u0105gi poziome<\/h5>\n<ul>\n<li>Pomieszczenia znajduj\u0105 si\u0119 na 2 kondygnacjach.<\/li>\n<li>Wszystkie korytarze s\u0105 niedost\u0119pne dla os\u00f3b na w\u00f3zkach.<\/li>\n<\/ul>\n<\/section>\n<section>\n<h5>Ci\u0105gi pionowe<\/h5>\n<ul>\n<li>Na inne kondygnacje mo\u017cesz si\u0119 dosta\u0107 za pomoc\u0105 schod\u00f3w<\/li>\n<\/ul>\n<section>\n<h6>Schody<\/h6>\n<ul>\n<li>Ci\u0105g schod\u00f3w sk\u0142ada si\u0119 z 24 stopni.<\/li>\n<li>Stopie\u0144 ma wysoko\u015b\u0107 20 centymetr\u00f3w.<\/li>\n<li>Przy schodach znajduje si\u0119 por\u0119cz wzd\u0142u\u017c ca\u0142ego ci\u0105gu.<\/li>\n<\/ul>\n<\/section>\n<\/section>\n<section>\n<h5>Pomieszczenia<\/h5>\n<ul>\n<li>Pomieszczenia nie s\u0105 dost\u0119pne dla os\u00f3b na w\u00f3zkach.<\/li>\n<\/ul>\n<\/section>\n<section>\n<h5>\u0141azienka<\/h5>\n<ul>\n<li>Nie ma pochwyt\u00f3w przy ust\u0119pie.<\/li>\n<\/ul>\n<\/section>\n<\/section>\n<\/section>\n<section id=\"a11y-komunikacja\">\n<h3>Dost\u0119pno\u015b\u0107 komunikacyjno-informacyjna<\/h3>\n<ul>\n<li>\n<div>W szkole nie ma mo\u017cliwo\u015bci skorzystania z t\u0142umacza polskiego j\u0119zyka migowego.<\/div>\n<\/li>\n<\/ul>\n<\/section>\n<\/section>\t\t\t\t<\/div>\n\t\t\t\t<\/div>\n\t\t\t\t\t<\/div>\n\t\t\t\t<\/div>\n\t\t\t\t<\/div>\n\t\t","protected":false},"excerpt":{"rendered":"<p>Deklaracja dost\u0119pno\u015bci Szko\u0142a Podstawowa nr 91 im. Janusza Kusoci\u0144skiego w Krakowie zobowi\u0105zuje si\u0119 zapewni\u0107 dost\u0119pno\u015b\u0107 swojej strony internetowej zgodnie z ustaw\u0105 z dnia 4 kwietnia 2019 r. o dost\u0119pno\u015bci cyfrowej stron internetowych i aplikacji mobilnych podmiot\u00f3w publicznych. Deklaracja dost\u0119pno\u015bci dotyczy strony http:\/\/www.sp91krakow.pl. Data publikacji strony internetowej: 8 wrze\u015bnia 2017 r. Data ostatniej istotnej aktualizacji: 29&hellip; <br \/> <a class=\"read-more\" href=\"http:\/\/sp91krakow.pl\/sp91\/deklaracja-dostepnosci\/\">Dowiedz si\u0119 wi\u0119cej<\/a><\/p>\n","protected":false},"author":1,"featured_media":0,"parent":0,"menu_order":0,"comment_status":"closed","ping_status":"closed","template":"","meta":{"rop_custom_images_group":[],"rop_custom_messages_group":[],"rop_publish_now":"initial","rop_publish_now_accounts":[],"rop_publish_now_history":[],"rop_publish_now_status":"pending","footnotes":""},"class_list":["post-3201","page","type-page","status-publish","hentry"],"_links":{"self":[{"href":"http:\/\/sp91krakow.pl\/sp91\/wp-json\/wp\/v2\/pages\/3201","targetHints":{"allow":["GET"]}}],"collection":[{"href":"http:\/\/sp91krakow.pl\/sp91\/wp-json\/wp\/v2\/pages"}],"about":[{"href":"http:\/\/sp91krakow.pl\/sp91\/wp-json\/wp\/v2\/types\/page"}],"author":[{"embeddable":true,"href":"http:\/\/sp91krakow.pl\/sp91\/wp-json\/wp\/v2\/users\/1"}],"replies":[{"embeddable":true,"href":"http:\/\/sp91krakow.pl\/sp91\/wp-json\/wp\/v2\/comments?post=3201"}],"version-history":[{"count":21,"href":"http:\/\/sp91krakow.pl\/sp91\/wp-json\/wp\/v2\/pages\/3201\/revisions"}],"predecessor-version":[{"id":22013,"href":"http:\/\/sp91krakow.pl\/sp91\/wp-json\/wp\/v2\/pages\/3201\/revisions\/22013"}],"wp:attachment":[{"href":"http:\/\/sp91krakow.pl\/sp91\/wp-json\/wp\/v2\/media?parent=3201"}],"curies":[{"name":"wp","href":"https:\/\/api.w.org\/{rel}","templated":true}]}}