{"id":3794,"date":"2021-02-23T17:53:16","date_gmt":"2021-02-23T16:53:16","guid":{"rendered":"http:\/\/sp91krakow.pl\/sp91\/?page_id=3794"},"modified":"2026-02-18T12:57:19","modified_gmt":"2026-02-18T11:57:19","slug":"dokumenty-rekrutacja","status":"publish","type":"page","link":"http:\/\/sp91krakow.pl\/sp91\/dokumenty-rekrutacja\/","title":{"rendered":"Dokumenty &#8211; rekrutacja klasa 1"},"content":{"rendered":"<p style=\"padding-left: 120px; text-align: center;\"><span style=\"font-size: 24px; color: #ff0000;\"><strong>2 marca 2026<\/strong><strong>\u00a0zostanie uruchomiony elektroniczny system rekrutacji do klasy pierwszej Szko\u0142y Podstawowej\u00a0&#8211; system\u00a0<\/strong><strong>ELEMENTO<\/strong><\/span><\/p>\n<p><span style=\"font-size: 20px;\"><strong>\u00a0<\/strong><\/span><\/p>\n<p style=\"padding-left: 80px; text-align: justify;\"><strong><span style=\"font-size: 18px; color: #003366;\">1. Rodzic loguje si\u0119 do systemu (<a href=\"http:\/\/krakow.elemento.pl\/\" style=\"color: #003366;\" target=\"_blank\" rel=\"noopener\">krakow.elemento.pl<\/a>), wype\u0142nia formularz (<span style=\"text-decoration: underline;\">od 2 do 31 marca<\/span>)<\/span><\/strong><\/p>\n<ul>\n<li style=\"list-style-type: none;\">\n<ul style=\"text-align: left;\">\n<li style=\"text-align: justify;\"><span style=\"font-size: 18px; color: #000000;\">wype\u0142niony formularz, w opisanej kopercie\u00a0 (Zapis dziecka do klasy 1) nale\u017cy wrzuci\u0107 do skrzynki przy drzwiach g\u0142\u00f3wnych szko\u0142y<\/span><\/li>\n<\/ul>\n<\/li>\n<\/ul>\n<p style=\"text-align: justify;\"><span style=\"color: #000000; font-size: 20px;\"><strong>\u00a0<\/strong><strong>\u00a0<\/strong><\/span><\/p>\n<p style=\"padding-left: 80px; text-align: justify;\"><span style=\"color: #003366;\"><strong><span style=\"font-size: 18px;\">2. Rodzic kandydata potwierdza wol\u0119 przyj\u0119cia dziecka (<span style=\"text-decoration: underline;\">od 20 do 30 kwietnia<\/span>)<\/span><\/strong><\/span><\/p>\n<ul style=\"text-align: justify;\">\n<li style=\"list-style-type: none;\">\n<ul style=\"text-align: left;\">\n<li><span style=\"font-size: 18px; color: #000000;\">potwierdzenie woli nie dotyczy dzieci zamieszka\u0142ych w obwodzie szko\u0142y<\/span><\/li>\n<li><span style=\"font-size: 18px; color: #000000;\">elektronicznie loguj\u0105c si\u0119 na konto dziecka (<a href=\"http:\/\/krakow.elemento.pl\/\" style=\"color: #000000;\">krakow.elemento.pl<\/a>)<\/span><\/li>\n<\/ul>\n<\/li>\n<\/ul>\n<p style=\"padding-left: 80px; text-align: justify;\"><span style=\"color: #000000; font-size: 18px;\"><strong>\u00a0 \u00a0 \u00a0lub<\/strong><\/span><\/p>\n<ul style=\"text-align: justify;\">\n<li style=\"list-style-type: none;\">\n<ul>\n<li><span style=\"font-size: 20px; color: #000000;\">pisemnie: <\/span><span style=\"color: #000000;\">Potwierdzam wol\u0119 przyj\u0119cia dziecka \u2026\u2026\u2026.(imi\u0119 i nazwisko dziecka ) do Szko\u0142y Podstawowej nr 91 na rok szkolny 2026\/2027.<\/span><\/li>\n<\/ul>\n<\/li>\n<\/ul>\n<p style=\"padding-left: 80px; text-align: justify;\"><span style=\"color: #000000;\">Data i podpis Rodzica.<\/span><\/p>\n<p style=\"text-align: left;\">\u00a0<\/p>\n<p style=\"text-align: left;\"><span style=\"font-size: 20px; color: #008000;\"><strong>Przeprowadzenie pr\u00f3b sprawno\u015bci fizycznej na basenie szkolnym odb\u0119dzie si\u0119 zgodnie z terminarzem zamieszczonym poni\u017cej:<\/strong><\/span><\/p>\n<p class=\"x_MsoNormal\" data-olk-copy-source=\"MessageBody\">Testy mo\u017cna zrobi\u0107 na Dniach Otwartych 27 i 28.02.2026r.<\/p>\n<p class=\"x_MsoNormal\">Terminy marcowe:<\/p>\n<p class=\"x_MsoNormal\">03.03 i 10.03.2026 w godz. 15.30-16.30<\/p>\n<p class=\"x_MsoNormal\">05.03 \u00a0i 12.03.2026 w godz.15.00-16.00<\/p>\n<p>&nbsp;<\/p>\n<p class=\"x_MsoNormal\">Na testy nie obowi\u0105zuje zapis. Wystarczy w wybranym terminie przyj\u015b\u0107 na basen i zg\u0142osi\u0107 pracownikom ch\u0119\u0107 przyst\u0105pienia do egzaminu.<\/p>\n<p>&nbsp;<\/p>\n<div class=\"wp-block-image\">\u00a0<\/div>\n<p style=\"text-align: center;\"><span style=\"font-size: 20px;\"> <h2 id=\"tablepress-11-name\" class=\"tablepress-table-name tablepress-table-name-id-11\">Terminarz rekrutacji<\/h2>\n<span id=\"tablepress-11-description\" class=\"tablepress-table-description tablepress-table-description-id-11\"><font color=\"black\">Terminy przeprowadzania post\u0119powania rekrutacyjnego i post\u0119powania uzupe\u0142niaj\u0105cego, w tym terminy sk\u0142adania dokument\u00f3w, na rok szkolny 2026\/2027 do klas pierwszych szk\u00f3\u0142 podstawowych, dla kt\u00f3rych organem prowadz\u0105cym jest Gmina Miejska Krak\u00f3w.<\/font><br><br><br><br \/>\n<\/span>\n\n<table id=\"tablepress-11\" class=\"tablepress tablepress-id-11\" aria-labelledby=\"tablepress-11-name\" aria-describedby=\"tablepress-11-description\">\n<thead>\n<tr class=\"row-1\">\n\t<th class=\"column-1\">Lp.<\/th><th class=\"column-2\">Rodzaj czynno\u015bci<\/th><th class=\"column-3\">Termin w post\u0119powaniu rekrutacyjnym<\/th><th class=\"column-4\">Termin w post\u0119powaniu uzupe\u0142niaj\u0105cym<\/th>\n<\/tr>\n<\/thead>\n<tbody class=\"row-striping row-hover\">\n<tr class=\"row-2\">\n\t<td class=\"column-1\">1.<\/td><td class=\"column-2\">Z\u0142o\u017cenie wniosku o przyj\u0119cie do szko\u0142y podstawowej wraz z dokumentami potwierdzaj\u0105cymi spe\u0142nianie przez kandydata warunk\u00f3w lub kryteri\u00f3w branych pod uwag\u0119 w post\u0119powaniu rekrutacyjnym<\/td><td class=\"column-3\">2 do 31 marca 2026r.<\/td><td class=\"column-4\">5 do 18 maja 2026r.<\/td>\n<\/tr>\n<tr class=\"row-3\">\n\t<td class=\"column-1\">2.<\/td><td class=\"column-2\">Przeprowadzenie pr\u00f3b sprawno\u015bci fizycznej, o kt\u00f3rych mowa w art. 137 ust. 1 pkt 3 ustawy Prawo o\u015bwiatowe<\/td><td class=\"column-3\">2 do 18 marca 2026r.<\/td><td class=\"column-4\">5 do 13 maja 2026r.<\/td>\n<\/tr>\n<tr class=\"row-4\">\n\t<td class=\"column-1\">3. <\/td><td class=\"column-2\">Podanie do publicznej wiadomo\u015bci przez komisj\u0119 rekrutacyjn\u0105 listy kandydat\u00f3w, kt\u00f3rzy uzyskali pozytywne wyniki pr\u00f3b sprawno\u015bci fizycznej, o kt\u00f3rych mowa w art. 137 ust. 1 pkt 3 ustawy Prawo o\u015bwiatowe<\/td><td class=\"column-3\">18 marca 2026r.<\/td><td class=\"column-4\">13 maja 2026r.<\/td>\n<\/tr>\n<tr class=\"row-5\">\n\t<td class=\"column-1\">4. <\/td><td class=\"column-2\">Weryfikacja przez komisj\u0119 rekrutacyjn\u0105 wniosk\u00f3w o przyj\u0119cie do szko\u0142y podstawowej i dokument\u00f3w potwierdzaj\u0105cych spe\u0142nianie przez kandydata warunk\u00f3w lub kryteri\u00f3w branych pod uwag\u0119 w post\u0119powaniu rekrutacyjnym, w tym dokonanie przez przewodnicz\u0105cego komisji czynno\u015bci, o kt\u00f3rych mowa w art. 150 ust. 7 ustawy Prawo o\u015bwiatowe<\/td><td class=\"column-3\">do 1 kwietnia 2026r.<\/td><td class=\"column-4\">do 19 maja 2026r.<\/td>\n<\/tr>\n<tr class=\"row-6\">\n\t<td class=\"column-1\">5.<\/td><td class=\"column-2\">Podanie do publicznej wiadomo\u015bci przez komisj\u0119 rekrutacyjn\u0105 listy kandydat\u00f3w zakwalifikowanych i kandydat\u00f3w niezakwalifikowanych<\/td><td class=\"column-3\">17 kwietnia 2026r.<\/td><td class=\"column-4\">3 czerwca 2026r.<\/td>\n<\/tr>\n<tr class=\"row-7\">\n\t<td class=\"column-1\">6.<\/td><td class=\"column-2\">Potwierdzanie przez rodzica kandydata woli przyj\u0119cia w postaci pisemnego o\u015bwiadczenia<\/td><td class=\"column-3\">20-30 kwietnia 2026r.<\/td><td class=\"column-4\">8-12 czerwca 2026r.<\/td>\n<\/tr>\n<tr class=\"row-8\">\n\t<td class=\"column-1\">7.<\/td><td class=\"column-2\">Podanie do publicznej wiadomo\u015bci przez komisj\u0119 rekrutacyjn\u0105 listy kandydat\u00f3w przyj\u0119tych i kandydat\u00f3w nieprzyj\u0119tych<\/td><td class=\"column-3\">4 maja 2026r.<\/td><td class=\"column-4\">15 czerwca 2026r.<\/td>\n<\/tr>\n<\/tbody>\n<\/table>\n<!-- #tablepress-11 from cache --><\/span><\/p>\n<p>&nbsp;<\/p>\n<p class=\"x_MsoNormal\" style=\"text-align: justify;\"><span style=\"color: #000000;\">Dzieci zamieszka\u0142e w obwodzie szko\u0142y przyjmowane s\u0105 z urz\u0119du.<\/span><\/p>\n<p class=\"x_MsoNormal\" style=\"text-align: justify;\"><span style=\"color: #000000;\">Dzieci zamieszka\u0142e poza obwodem danej szko\u0142y rekrutowane s\u0105 na podstawie kryteri\u00f3w okre\u015blonych<\/span>\u00a0<a href=\"https:\/\/www.bip.krakow.pl\/?dok_id=167&amp;sub_dok_id=167&amp;sub=uchwala&amp;query=id%3D22341%26typ%3Du&amp;_ga=2.93696093.1330637761.1675069657-924433676.1673432561\" target=\"_blank\" rel=\"noopener noreferrer\" data-auth=\"NotApplicable\" data-safelink=\"true\" data-linkindex=\"0\">uchwa\u0142\u0105 nr LXVI\/1651\/17 Rady Miasta Krakowa z dnia 15 marca 2017 r. w sprawie okre\u015blenia kryteri\u00f3w naboru do samorz\u0105dowych szk\u00f3\u0142 podstawowych dla kandydat\u00f3w, kt\u00f3rzy ubiegaj\u0105 si\u0119 o przyj\u0119cie do szko\u0142y podstawowej innej ni\u017c szko\u0142a, w obwodzie kt\u00f3rej zamieszkuj\u0105 oraz dokument\u00f3w niezb\u0119dnych do potwierdzania tych kryteri\u00f3w<\/a>.<\/p>\n","protected":false},"excerpt":{"rendered":"<p>2 marca 2026\u00a0zostanie uruchomiony elektroniczny system rekrutacji do klasy pierwszej Szko\u0142y Podstawowej\u00a0&#8211; system\u00a0ELEMENTO \u00a0 1. Rodzic loguje si\u0119 do systemu (krakow.elemento.pl), wype\u0142nia formularz (od 2 do 31 marca) wype\u0142niony formularz, w opisanej kopercie\u00a0 (Zapis dziecka do klasy 1) nale\u017cy wrzuci\u0107 do skrzynki przy drzwiach g\u0142\u00f3wnych szko\u0142y \u00a0\u00a0 2. Rodzic kandydata potwierdza wol\u0119 przyj\u0119cia dziecka (od&hellip; <br \/> <a class=\"read-more\" href=\"http:\/\/sp91krakow.pl\/sp91\/dokumenty-rekrutacja\/\">Dowiedz si\u0119 wi\u0119cej<\/a><\/p>\n","protected":false},"author":1,"featured_media":0,"parent":0,"menu_order":0,"comment_status":"closed","ping_status":"closed","template":"","meta":{"rop_custom_images_group":[],"rop_custom_messages_group":[],"rop_publish_now":"initial","rop_publish_now_accounts":[],"rop_publish_now_history":[],"rop_publish_now_status":"pending","footnotes":""},"class_list":["post-3794","page","type-page","status-publish","hentry"],"_links":{"self":[{"href":"http:\/\/sp91krakow.pl\/sp91\/wp-json\/wp\/v2\/pages\/3794","targetHints":{"allow":["GET"]}}],"collection":[{"href":"http:\/\/sp91krakow.pl\/sp91\/wp-json\/wp\/v2\/pages"}],"about":[{"href":"http:\/\/sp91krakow.pl\/sp91\/wp-json\/wp\/v2\/types\/page"}],"author":[{"embeddable":true,"href":"http:\/\/sp91krakow.pl\/sp91\/wp-json\/wp\/v2\/users\/1"}],"replies":[{"embeddable":true,"href":"http:\/\/sp91krakow.pl\/sp91\/wp-json\/wp\/v2\/comments?post=3794"}],"version-history":[{"count":29,"href":"http:\/\/sp91krakow.pl\/sp91\/wp-json\/wp\/v2\/pages\/3794\/revisions"}],"predecessor-version":[{"id":21718,"href":"http:\/\/sp91krakow.pl\/sp91\/wp-json\/wp\/v2\/pages\/3794\/revisions\/21718"}],"wp:attachment":[{"href":"http:\/\/sp91krakow.pl\/sp91\/wp-json\/wp\/v2\/media?parent=3794"}],"curies":[{"name":"wp","href":"https:\/\/api.w.org\/{rel}","templated":true}]}}