{"id":3808,"date":"2021-02-23T18:06:23","date_gmt":"2021-02-23T17:06:23","guid":{"rendered":"http:\/\/sp91krakow.pl\/sp91\/?page_id=3808"},"modified":"2026-02-18T12:56:38","modified_gmt":"2026-02-18T11:56:38","slug":"oferta-klasa-pierwsza-plywacka","status":"publish","type":"page","link":"http:\/\/sp91krakow.pl\/sp91\/oferta-klasa-pierwsza-plywacka\/","title":{"rendered":"Oferta &#8211; klasa pierwsza p\u0142ywacka"},"content":{"rendered":"<p style=\"text-align: center;\"><span style=\"font-size: 22px;\"><strong><span style=\"color: #003366;\">OFERTA EDUKACYJNA KLASY PIERWSZEJ O PROFILU P\u0141YWACKIM &#8211; ZAJ\u0118CIA\u00a0<\/span><\/strong><\/span><\/p>\n<p style=\"text-align: center;\"><span style=\"font-size: 22px;\"><strong><span style=\"color: #003366;\">SPORTOWE<\/span><\/strong><\/span><\/p>\n<ul>\n<li><span style=\"color: #000000; font-size: 20px; font-family: arial, helvetica, sans-serif;\">Program zaj\u0119\u0107 treningowych klasy 1 p\u0142ywackiej przewiduje codzienne uczestnictwo dzieci w szkoleniu w wodzie, \u0142\u0105cznie 5 godzin w tygodniu.<\/span><\/li>\n<li><span style=\"font-family: arial, helvetica, sans-serif; font-size: 20px; color: #000000;\">Dzieci ucz\u0105 si\u0119 i doskonal\u0105 p\u0142ywanie wszystkimi stylami.<\/span><\/li>\n<li><span style=\"color: #000000; font-size: 20px; font-family: arial, helvetica, sans-serif;\">Ponadto codziennie prowadzone s\u0105 zaj\u0119cia og\u00f3lnorozwojowe wychowania fizycznego, w wymiarze <\/span><span style=\"font-family: arial, helvetica, sans-serif; font-size: 20px;\"><span style=\"color: #000000;\">5 godzin tygodniowo\u00a0 <\/span><span style=\"color: #000000;\">(2 godziny realizuj\u0105 trenerzy, a 3 godziny wychowawca klasy).<\/span><\/span><\/li>\n<li><span style=\"color: #000000; font-size: 20px; font-family: arial, helvetica, sans-serif;\">Dzieci z klas p\u0142ywackich startuj\u0105 w zawodach organizowanych przez MOZP. Klub Jordan organizuje obozy letnie dla swoich zawodnik\u00f3w.<\/span><\/li>\n<li><span style=\"color: #000000; font-size: 20px; font-family: arial, helvetica, sans-serif;\">Po dodatkowe informacje zapraszamy na stron\u0119 internetow\u0105:<a href=\"http:\/\/jordankrakow.com.pl\/\"> http:\/\/jordankrakow.com.pl\/ \u00a0<\/a>oraz profil na facebooku, gdzie mo\u017cna obejrze\u0107 zdj\u0119cia z zawod\u00f3w.<\/span><\/li>\n<\/ul>\n<p><span style=\"color: #000000; font-size: 20px;\">W klasie trzeciej Rodzice ponownie decyduj\u0105 o dalszej formie edukacji. Mog\u0105 kontynuowa\u0107, za zgod\u0105 trener\u00f3w, p\u0142ywanie lub wybra\u0107 inn\u0105 dyscyplin\u0119 od klasy czwartej, ewentualnie zrezygnowa\u0107 z uprawiania sportu przechodz\u0105c do klasy og\u00f3lnej.<\/span><\/p>\n<p><span style=\"color: #000000;\"><strong><span style=\"font-size: 20px;\">Sekretariat szko\u0142y nie prowadzi zapis\u00f3w na testy.<\/span><\/strong><\/span><br \/><span style=\"color: #000000;\"><strong><span style=\"font-size: 20px;\">Rodzic z dzieckiem idzie bezpo\u015brednio na basen i w kasie informuje pani\u0105, \u017ce przyszed\u0142 na testy sprawno\u015bciowe.<\/span><\/strong><\/span><br \/><span style=\"color: #000000;\"><strong><span style=\"font-size: 20px;\">Nie jest pobierana w\u00f3wczas \u017cadna op\u0142ata.<\/span><\/strong><\/span><\/p>\n<div id=\"\" class=\"wpsestyles blockquotes\"><strong><span style=\"font-size: 18px; color: #000080;\">Przeprowadzenie pr\u00f3b sprawno\u015bci fizycznej na basenie szkolnym odb\u0119dzie si\u0119 zgodnie z terminarzem zamieszczonym poni\u017cej:<\/span><\/strong><\/p>\n<p class=\"x_MsoNormal\" data-olk-copy-source=\"MessageBody\">Testy mo\u017cna zrobi\u0107 na Dniach Otwartych 27 i 28.02.2026r.<\/p>\n<p class=\"x_MsoNormal\">Terminy marcowe:<\/p>\n<p class=\"x_MsoNormal\">03.03 i 10.03.2026 w godz. 15.30-16.30<\/p>\n<p class=\"x_MsoNormal\">05.03 \u00a0i 12.03.2026 w godz.15.00-16.00<\/p>\n<p class=\"x_MsoNormal\">Na testy nie obowi\u0105zuje zapis. Wystarczy w wybranym terminie przyj\u015b\u0107 na basen i zg\u0142osi\u0107 pracownikom ch\u0119\u0107 przyst\u0105pienia do egzaminu.<\/p>\n<p>&nbsp;<\/p>\n<p><a href=\"http:\/\/sp91krakow.pl\/sp91\/wp-content\/uploads\/2023\/02\/MKS-JORDAN-KRAKA_W-wersja-ostateczna.png\"><img fetchpriority=\"high\" decoding=\"async\" class=\"size-full wp-image-8396 aligncenter\" src=\"http:\/\/sp91krakow.pl\/sp91\/wp-content\/uploads\/2023\/02\/MKS-JORDAN-KRAKA_W-wersja-ostateczna.png\" alt=\"\" width=\"1587\" height=\"2245\" srcset=\"http:\/\/sp91krakow.pl\/sp91\/wp-content\/uploads\/2023\/02\/MKS-JORDAN-KRAKA_W-wersja-ostateczna.png 1587w, http:\/\/sp91krakow.pl\/sp91\/wp-content\/uploads\/2023\/02\/MKS-JORDAN-KRAKA_W-wersja-ostateczna-212x300.png 212w, http:\/\/sp91krakow.pl\/sp91\/wp-content\/uploads\/2023\/02\/MKS-JORDAN-KRAKA_W-wersja-ostateczna-724x1024.png 724w, http:\/\/sp91krakow.pl\/sp91\/wp-content\/uploads\/2023\/02\/MKS-JORDAN-KRAKA_W-wersja-ostateczna-768x1086.png 768w, http:\/\/sp91krakow.pl\/sp91\/wp-content\/uploads\/2023\/02\/MKS-JORDAN-KRAKA_W-wersja-ostateczna-1086x1536.png 1086w, http:\/\/sp91krakow.pl\/sp91\/wp-content\/uploads\/2023\/02\/MKS-JORDAN-KRAKA_W-wersja-ostateczna-1448x2048.png 1448w, http:\/\/sp91krakow.pl\/sp91\/wp-content\/uploads\/2023\/02\/MKS-JORDAN-KRAKA_W-wersja-ostateczna-1024x1449.png 1024w, http:\/\/sp91krakow.pl\/sp91\/wp-content\/uploads\/2023\/02\/MKS-JORDAN-KRAKA_W-wersja-ostateczna-763x1080.png 763w\" sizes=\"(max-width: 1587px) 100vw, 1587px\" \/><\/a><\/p>\n<\/div>\n<div>\u00a0<\/div>\n<p>&nbsp;<\/p>\n<p><div class='embed-container'><iframe title=\"SP 91 i MKS Jordan Krak\u00f3w - klasy sportowe o profilu p\u0142ywackim\" width=\"1920\" height=\"1080\" src=\"https:\/\/www.youtube.com\/embed\/8N3WiADtxhE?feature=oembed\" frameborder=\"0\" allow=\"accelerometer; autoplay; clipboard-write; encrypted-media; gyroscope; picture-in-picture; web-share\" referrerpolicy=\"strict-origin-when-cross-origin\" allowfullscreen><\/iframe><\/div>\n<\/p>\n<p>&nbsp;<\/p>\n","protected":false},"excerpt":{"rendered":"<p>OFERTA EDUKACYJNA KLASY PIERWSZEJ O PROFILU P\u0141YWACKIM &#8211; ZAJ\u0118CIA\u00a0 SPORTOWE Program zaj\u0119\u0107 treningowych klasy 1 p\u0142ywackiej przewiduje codzienne uczestnictwo dzieci w szkoleniu w wodzie, \u0142\u0105cznie 5 godzin w tygodniu. Dzieci ucz\u0105 si\u0119 i doskonal\u0105 p\u0142ywanie wszystkimi stylami. Ponadto codziennie prowadzone s\u0105 zaj\u0119cia og\u00f3lnorozwojowe wychowania fizycznego, w wymiarze 5 godzin tygodniowo\u00a0 (2 godziny realizuj\u0105 trenerzy, a&hellip; <br \/> <a class=\"read-more\" href=\"http:\/\/sp91krakow.pl\/sp91\/oferta-klasa-pierwsza-plywacka\/\">Dowiedz si\u0119 wi\u0119cej<\/a><\/p>\n","protected":false},"author":1,"featured_media":0,"parent":0,"menu_order":0,"comment_status":"closed","ping_status":"closed","template":"","meta":{"rop_custom_images_group":[],"rop_custom_messages_group":[],"rop_publish_now":"initial","rop_publish_now_accounts":[],"rop_publish_now_history":[],"rop_publish_now_status":"pending","footnotes":""},"class_list":["post-3808","page","type-page","status-publish","hentry"],"_links":{"self":[{"href":"http:\/\/sp91krakow.pl\/sp91\/wp-json\/wp\/v2\/pages\/3808","targetHints":{"allow":["GET"]}}],"collection":[{"href":"http:\/\/sp91krakow.pl\/sp91\/wp-json\/wp\/v2\/pages"}],"about":[{"href":"http:\/\/sp91krakow.pl\/sp91\/wp-json\/wp\/v2\/types\/page"}],"author":[{"embeddable":true,"href":"http:\/\/sp91krakow.pl\/sp91\/wp-json\/wp\/v2\/users\/1"}],"replies":[{"embeddable":true,"href":"http:\/\/sp91krakow.pl\/sp91\/wp-json\/wp\/v2\/comments?post=3808"}],"version-history":[{"count":26,"href":"http:\/\/sp91krakow.pl\/sp91\/wp-json\/wp\/v2\/pages\/3808\/revisions"}],"predecessor-version":[{"id":21716,"href":"http:\/\/sp91krakow.pl\/sp91\/wp-json\/wp\/v2\/pages\/3808\/revisions\/21716"}],"wp:attachment":[{"href":"http:\/\/sp91krakow.pl\/sp91\/wp-json\/wp\/v2\/media?parent=3808"}],"curies":[{"name":"wp","href":"https:\/\/api.w.org\/{rel}","templated":true}]}}